{"id":3637,"date":"2014-05-12T00:25:02","date_gmt":"2014-05-11T22:25:02","guid":{"rendered":"http:\/\/teuthorn.net\/feuilleton\/?page_id=3637"},"modified":"2014-05-12T00:25:02","modified_gmt":"2014-05-11T22:25:02","slug":"der-genealogische-nachlass","status":"publish","type":"page","link":"https:\/\/teuthorn.net\/feuilleton\/?page_id=3637","title":{"rendered":"Der Genealogische Nachlass"},"content":{"rendered":"<h3><em><span style=\"color: #999999;\"><strong>AKTUELL<br \/>\nDer Genealogische Nachlass &#8211; die unver\u00f6ffentlichten Ergebnisse genealogischer Forschung<\/strong><\/span> <span style=\"color: #888888;\">\/ Vortrag Rickling, 22. Oktober 2016<\/span><\/em><\/h3>\n<p><a href=\"http:\/\/teuthorn.net\/feuilleton\/wp-content\/uploads\/2014\/05\/gen_nachl-rickling-text.pdf\">Vortragstext Rickling<\/a> = aktualisierte\/angepasste AMF-Version<br \/>\n<a href=\"http:\/\/teuthorn.net\/feuilleton\/wp-content\/uploads\/2014\/05\/GenNachlass_Rickling-kompakt.pdf\">Folien zur Textvisualisierung<\/a><br \/>\n<span style=\"color: #888888;\"><em>Dem Nachlass vorgelagert ist das Publizieren. Aussagen zum Publizieren im Paket:<br \/>\nBuch mit ausgew\u00e4hlten Listen = BoD (Self-Publishing) plus<br \/>\n<\/em><em>GEDCOM mit Quelleninformationen = geneanet (Datenbank)<\/em><\/span><br \/>\ndazu<br \/>\n<a href=\"http:\/\/gw.geneanet.org\/frankenhusanus_w\" target=\"_blank\">http:\/\/gw.geneanet.org\/frankenhusanus<\/a><br \/>\n<a href=\"http:\/\/teuthorn.net\/feuilleton\/?p=5841\" target=\"_blank\">Die Paketl\u00f6sung<\/a><br \/>\nund<br \/>\n<a href=\"http:\/\/www.buecher.de\/shop\/allgemeines--lexika\/genealogisches-publizieren-ebook-epub\/teuthorn-peter\/products_products\/detail\/prod_id\/46160862\/\" target=\"_blank\">Genealogisches Publizieren<\/a> mit Leseprobe<br \/>\n<strong>________________________________________________<br \/>\n<\/strong><br \/>\n<strong><span style=\"color: #993300;\"><span style=\"color: #888888;\"><strong><em>Der Genealogische Nachlass &#8211; die unver\u00f6ffentlichten Ergebnisse genealogischer Forschung<\/em><\/strong><\/span><span style=\"color: #888888;\"> \/ Vortrag Peter Teuthorn gehalten auf der Jahrestagung der AMF in Salzwedel, Mai 2014<\/span><span style=\"color: #888888;\"> <\/span><\/span><\/strong><br \/>\n<span style=\"color: #000000;\">Unter diesem Titel wurden zur Jahrestagung der AMF (<strong>A<\/strong>rbeitsgemeinschaft f\u00fcr <strong>M<\/strong>itteldeutsche <strong>F<\/strong>amilienforschung) <\/span><span style=\"color: #000000;\">im Mai 2014 <\/span><span style=\"color: #000000;\">\u00dcberlegungen zu Nachlass und Archiv vorgestellt. Dabei wird erstmals besonders auf die heutige PC-gest\u00fctzte Arbeitsweise der Familienforscher <\/span><span style=\"color: #000000;\">eingegangen <\/span><span style=\"color: #000000;\">und <\/span><span style=\"color: #000000;\">ein <\/span><span style=\"color: #000000;\"> praxistauglicher Vorschlag <\/span><span style=\"color: #000000;\">gemacht, wie neben den herk\u00f6mmlichen Materialien auch die <\/span><span style=\"color: #000000;\">so entstehenden digitalen Arbeitsergebnisse<\/span><span style=\"color: #000000;\"> in das Vereinsarchiv eingeliefert werden k\u00f6nnen.<\/span><\/p>\n<ul>\n<li>Datei : <strong><a href=\"http:\/\/teuthorn.net\/feuilleton\/wp-content\/uploads\/2014\/05\/NL-Version9_WzVb.pdf\">Genealogischer Nachlass<\/a> <\/strong>Drucken derzeit nicht einwandfrei. \/ Weiterer\u00a0 <a href=\"https:\/\/www.dropbox.com\/s\/luro4cw1skdr1k4\/NL-Version9_WzVb.pdf\" target=\"_blank\">Zugang \u00fcber Dropbox<\/a>. &#8211; (Drucken immer \u00fcber das Drucksymbol des\u00a0 PDF-Dokuments: Vorblatt extra, ab Seite 1 f\u00fcr doppelseitigen Druck eingerichtet = 9 Bl\u00e4tter)<\/li>\n<li>Foliensatz: Visuelle Unterst\u00fctzung des Vortrags\/Aufsatzes mit <strong><a rel=\"attachment wp-att-4002\" href=\"http:\/\/teuthorn.net\/feuilleton\/?attachment_id=4002\">Kernthesen<\/a><\/strong><\/li>\n<li>ANLAGEN (diese sind nicht im obigen Textdokument enthalten. Die Vertr\u00e4ge, Anlagen 1 und 2, sind vorl\u00e4ufig. Sie werden in K\u00fcrze inhaltlich \u00fcberarbeitet und stehen daher hier nur beispielhaft.)<br \/>\n<a href=\"http:\/\/teuthorn.net\/feuilleton\/wp-content\/uploads\/2013\/08\/1_Schenkungsvertrag-AMF.pdf\">1_Schenkungsvertrag-AMF<\/a><br \/>\n<a href=\"http:\/\/teuthorn.net\/feuilleton\/wp-content\/uploads\/2013\/08\/2-Archivvertrag-AMF.pdf\">2 Archivvertrag-AMF<\/a><br \/>\n<a href=\"http:\/\/teuthorn.net\/feuilleton\/?page_id=3693\">3 Verzeichnungsbeispiel<\/a><br \/>\n<a href=\"http:\/\/teuthorn.net\/feuilleton\/wp-content\/uploads\/2013\/08\/4-DVD-Huelle.pdf\">4 DVD-Huelle<\/a><br \/>\n<a href=\"http:\/\/teuthorn.net\/feuilleton\/wp-content\/uploads\/2013\/08\/5-Einlieferungsschreiben.pdf\">5 Einlieferungsschreiben<\/a><\/li>\n<\/ul>\n<h2>Wichtige Links<\/h2>\n<p><strong>Digitales Erbe: Fr\u00fchzeitig den digitalen Nachlass regeln<\/strong><br \/>\n<a href=\"http:\/\/www.teltarif.de\/passwort-account-tod-erbe-loeschen\/news\/57239.html\" target=\"_blank\">http:\/\/www.teltarif.de\/passwort-account-tod-erbe-loeschen\/news\/57239.html<\/a><br \/>\n<strong>Was passiert mit den digitalen Accounts eines Verstorbenen?<\/strong><br \/>\n<a href=\"http:\/\/www.teltarif.de\/digitales-erbe-testament-account\/news\/49023.html\" target=\"_blank\">http:\/\/www.teltarif.de\/digitales-erbe-testament-account\/news\/49023.html<\/a><\/p>\n","protected":false},"excerpt":{"rendered":"<p>AKTUELL Der Genealogische Nachlass &#8211; die unver\u00f6ffentlichten Ergebnisse genealogischer Forschung \/ Vortrag Rickling, 22. Oktober 2016 Vortragstext Rickling = aktualisierte\/angepasste AMF-Version Folien zur Textvisualisierung Dem Nachlass vorgelagert ist das Publizieren. <a class=\"more-link\" href=\"https:\/\/teuthorn.net\/feuilleton\/?page_id=3637\">Lesen Sie weiter &#8230;<\/a><\/p>\n","protected":false},"author":1,"featured_media":0,"parent":3763,"menu_order":1,"comment_status":"closed","ping_status":"closed","template":"onecolumn-page.php","meta":{"_crdt_document":"","footnotes":""},"class_list":["post-3637","page","type-page","status-publish","hentry"],"_links":{"self":[{"href":"https:\/\/teuthorn.net\/feuilleton\/index.php?rest_route=\/wp\/v2\/pages\/3637","targetHints":{"allow":["GET"]}}],"collection":[{"href":"https:\/\/teuthorn.net\/feuilleton\/index.php?rest_route=\/wp\/v2\/pages"}],"about":[{"href":"https:\/\/teuthorn.net\/feuilleton\/index.php?rest_route=\/wp\/v2\/types\/page"}],"author":[{"embeddable":true,"href":"https:\/\/teuthorn.net\/feuilleton\/index.php?rest_route=\/wp\/v2\/users\/1"}],"replies":[{"embeddable":true,"href":"https:\/\/teuthorn.net\/feuilleton\/index.php?rest_route=%2Fwp%2Fv2%2Fcomments&post=3637"}],"version-history":[{"count":0,"href":"https:\/\/teuthorn.net\/feuilleton\/index.php?rest_route=\/wp\/v2\/pages\/3637\/revisions"}],"up":[{"embeddable":true,"href":"https:\/\/teuthorn.net\/feuilleton\/index.php?rest_route=\/wp\/v2\/pages\/3763"}],"wp:attachment":[{"href":"https:\/\/teuthorn.net\/feuilleton\/index.php?rest_route=%2Fwp%2Fv2%2Fmedia&parent=3637"}],"curies":[{"name":"wp","href":"https:\/\/api.w.org\/{rel}","templated":true}]}}