{"id":5182,"date":"2016-04-27T22:52:25","date_gmt":"2016-04-27T20:52:25","guid":{"rendered":"http:\/\/teuthorn.net\/feuilleton\/?page_id=5182"},"modified":"2018-06-05T21:01:31","modified_gmt":"2018-06-05T21:01:31","slug":"fotostrecke-der-einweihungsfeier-april-2016","status":"publish","type":"page","link":"https:\/\/teuthorn.net\/feuilleton\/?page_id=5182","title":{"rendered":"Fotostrecke der Einweihungsfeier April 2016"},"content":{"rendered":"<figure id=\"attachment_5194\" aria-describedby=\"caption-attachment-5194\" style=\"width: 640px\" class=\"wp-caption alignleft\"><img decoding=\"async\" class=\"size-large wp-image-5194\" title=\"Messenthin_2532\" src=\"http:\/\/teuthorn.net\/feuilleton\/wp-content\/uploads\/2016\/04\/Messenthin_2532-1024x683.jpg\" alt=\"\" width=\"640\" height=\"426\" \/><figcaption id=\"caption-attachment-5194\" class=\"wp-caption-text\">Schild &#8218;Christian-Bachmann-Platz&#8216; und erkl\u00e4rende Gedenktafel<\/figcaption><\/figure>\n<div id='gallery-1' class='gallery galleryid-5182 gallery-columns-4 gallery-size-thumbnail'><figure class='gallery-item'>\n\t\t\t<div class='gallery-icon landscape'>\n\t\t\t\t<a href='https:\/\/teuthorn.net\/feuilleton\/wp-content\/uploads\/2018\/06\/Messenthin_2531.jpg'><img decoding=\"async\" width=\"150\" height=\"150\" src=\"https:\/\/teuthorn.net\/feuilleton\/wp-content\/uploads\/2018\/06\/Messenthin_2531-150x150.jpg\" class=\"attachment-thumbnail size-thumbnail\" alt=\"\" \/><\/a>\n\t\t\t<\/div><\/figure><figure class='gallery-item'>\n\t\t\t<div class='gallery-icon portrait'>\n\t\t\t\t<a href='https:\/\/teuthorn.net\/feuilleton\/wp-content\/uploads\/2018\/06\/Messenthin_2537.jpg'><img decoding=\"async\" width=\"150\" height=\"150\" src=\"https:\/\/teuthorn.net\/feuilleton\/wp-content\/uploads\/2018\/06\/Messenthin_2537-150x150.jpg\" class=\"attachment-thumbnail size-thumbnail\" alt=\"\" \/><\/a>\n\t\t\t<\/div><\/figure><figure class='gallery-item'>\n\t\t\t<div class='gallery-icon landscape'>\n\t\t\t\t<a href='https:\/\/teuthorn.net\/feuilleton\/wp-content\/uploads\/2018\/06\/PT39_2606_Klein.gif'><img decoding=\"async\" width=\"150\" height=\"150\" src=\"https:\/\/teuthorn.net\/feuilleton\/wp-content\/uploads\/2018\/06\/PT39_2606_Klein-150x150.gif\" class=\"attachment-thumbnail size-thumbnail\" alt=\"\" aria-describedby=\"gallery-1-7557\" \/><\/a>\n\t\t\t<\/div>\n\t\t\t\t<figcaption class='wp-caption-text gallery-caption' id='gallery-1-7557'>\n\t\t\t\tPT &#8211; \u00dcbersetzerin Julia &#8211; Eva Berecka\n\t\t\t\t<\/figcaption><\/figure><figure class='gallery-item'>\n\t\t\t<div class='gallery-icon landscape'>\n\t\t\t\t<a href='https:\/\/teuthorn.net\/feuilleton\/wp-content\/uploads\/2018\/06\/Messenthin_alterFriedhof_gedenkstein_2527_Bildgr\u00f6\u00dfe-\u00e4ndern.jpg'><img decoding=\"async\" width=\"150\" height=\"150\" src=\"https:\/\/teuthorn.net\/feuilleton\/wp-content\/uploads\/2018\/06\/Messenthin_alterFriedhof_gedenkstein_2527_Bildgr\u00f6\u00dfe-\u00e4ndern-150x150.jpg\" class=\"attachment-thumbnail size-thumbnail\" alt=\"\" aria-describedby=\"gallery-1-7554\" \/><\/a>\n\t\t\t<\/div>\n\t\t\t\t<figcaption class='wp-caption-text gallery-caption' id='gallery-1-7554'>\n\t\t\t\tGedenkstein des vormaligen Friedhofs\n\t\t\t\t<\/figcaption><\/figure><figure class='gallery-item'>\n\t\t\t<div class='gallery-icon portrait'>\n\t\t\t\t<a href='https:\/\/teuthorn.net\/feuilleton\/wp-content\/uploads\/2018\/06\/Berecka_2588.jpg'><img decoding=\"async\" width=\"150\" height=\"150\" src=\"https:\/\/teuthorn.net\/feuilleton\/wp-content\/uploads\/2018\/06\/Berecka_2588-150x150.jpg\" class=\"attachment-thumbnail size-thumbnail\" alt=\"\" aria-describedby=\"gallery-1-7545\" \/><\/a>\n\t\t\t<\/div>\n\t\t\t\t<figcaption class='wp-caption-text gallery-caption' id='gallery-1-7545'>\n\t\t\t\tStadtteilb\u00fcrgermeisterin Eva Berecka\n\t\t\t\t<\/figcaption><\/figure><figure class='gallery-item'>\n\t\t\t<div class='gallery-icon portrait'>\n\t\t\t\t<a href='https:\/\/teuthorn.net\/feuilleton\/wp-content\/uploads\/2018\/06\/B\u00fcrgermeister-Police_2597.jpg'><img decoding=\"async\" width=\"150\" height=\"150\" src=\"https:\/\/teuthorn.net\/feuilleton\/wp-content\/uploads\/2018\/06\/B\u00fcrgermeister-Police_2597-150x150.jpg\" class=\"attachment-thumbnail size-thumbnail\" alt=\"\" aria-describedby=\"gallery-1-7546\" \/><\/a>\n\t\t\t<\/div>\n\t\t\t\t<figcaption class='wp-caption-text gallery-caption' id='gallery-1-7546'>\n\t\t\t\tB\u00fcrgermeister Diakun\n\t\t\t\t<\/figcaption><\/figure><figure class='gallery-item'>\n\t\t\t<div class='gallery-icon landscape'>\n\t\t\t\t<a href='https:\/\/teuthorn.net\/feuilleton\/wp-content\/uploads\/2018\/06\/Messenthin_2525_Bildgr\u00f6\u00dfe-\u00e4ndern.jpg'><img decoding=\"async\" width=\"150\" height=\"150\" src=\"https:\/\/teuthorn.net\/feuilleton\/wp-content\/uploads\/2018\/06\/Messenthin_2525_Bildgr\u00f6\u00dfe-\u00e4ndern-150x150.jpg\" class=\"attachment-thumbnail size-thumbnail\" alt=\"\" aria-describedby=\"gallery-1-7548\" \/><\/a>\n\t\t\t<\/div>\n\t\t\t\t<figcaption class='wp-caption-text gallery-caption' id='gallery-1-7548'>\n\t\t\t\tInschrift \n\t\t\t\t<\/figcaption><\/figure><figure class='gallery-item'>\n\t\t\t<div class='gallery-icon landscape'>\n\t\t\t\t<a href='https:\/\/teuthorn.net\/feuilleton\/wp-content\/uploads\/2018\/06\/Berecka_Wuerdentraeger_2591.jpg'><img decoding=\"async\" width=\"150\" height=\"150\" src=\"https:\/\/teuthorn.net\/feuilleton\/wp-content\/uploads\/2018\/06\/Berecka_Wuerdentraeger_2591-150x150.jpg\" class=\"attachment-thumbnail size-thumbnail\" alt=\"\" aria-describedby=\"gallery-1-7559\" \/><\/a>\n\t\t\t<\/div>\n\t\t\t\t<figcaption class='wp-caption-text gallery-caption' id='gallery-1-7559'>\n\t\t\t\tGeistliche\n\t\t\t\t<\/figcaption><\/figure><figure class='gallery-item'>\n\t\t\t<div class='gallery-icon landscape'>\n\t\t\t\t<a href='https:\/\/teuthorn.net\/feuilleton\/wp-content\/uploads\/2018\/06\/pfarrer_ev_2599.jpg'><img decoding=\"async\" width=\"150\" height=\"150\" src=\"https:\/\/teuthorn.net\/feuilleton\/wp-content\/uploads\/2018\/06\/pfarrer_ev_2599-150x150.jpg\" class=\"attachment-thumbnail size-thumbnail\" alt=\"\" \/><\/a>\n\t\t\t<\/div><\/figure><figure class='gallery-item'>\n\t\t\t<div class='gallery-icon landscape'>\n\t\t\t\t<a href='https:\/\/teuthorn.net\/feuilleton\/wp-content\/uploads\/2018\/06\/Volk_2592.jpg'><img decoding=\"async\" width=\"150\" height=\"150\" src=\"https:\/\/teuthorn.net\/feuilleton\/wp-content\/uploads\/2018\/06\/Volk_2592-150x150.jpg\" class=\"attachment-thumbnail size-thumbnail\" alt=\"\" aria-describedby=\"gallery-1-7562\" \/><\/a>\n\t\t\t<\/div>\n\t\t\t\t<figcaption class='wp-caption-text gallery-caption' id='gallery-1-7562'>\n\t\t\t\tEinwohner Messenthin\n\t\t\t\t<\/figcaption><\/figure><figure class='gallery-item'>\n\t\t\t<div class='gallery-icon landscape'>\n\t\t\t\t<a href='https:\/\/teuthorn.net\/feuilleton\/wp-content\/uploads\/2018\/06\/Messenthin_2528.jpg'><img decoding=\"async\" width=\"150\" height=\"150\" src=\"https:\/\/teuthorn.net\/feuilleton\/wp-content\/uploads\/2018\/06\/Messenthin_2528-150x150.jpg\" class=\"attachment-thumbnail size-thumbnail\" alt=\"\" \/><\/a>\n\t\t\t<\/div><\/figure><figure class='gallery-item'>\n\t\t\t<div class='gallery-icon portrait'>\n\t\t\t\t<a href='https:\/\/teuthorn.net\/feuilleton\/wp-content\/uploads\/2018\/06\/Geschwister-Maronn_2608.jpg'><img decoding=\"async\" width=\"150\" height=\"150\" src=\"https:\/\/teuthorn.net\/feuilleton\/wp-content\/uploads\/2018\/06\/Geschwister-Maronn_2608-150x150.jpg\" class=\"attachment-thumbnail size-thumbnail\" alt=\"\" aria-describedby=\"gallery-1-7547\" \/><\/a>\n\t\t\t<\/div>\n\t\t\t\t<figcaption class='wp-caption-text gallery-caption' id='gallery-1-7547'>\n\t\t\t\tGeschwister Maronn\n\t\t\t\t<\/figcaption><\/figure>\n\t\t<\/div>\n\n<figure id=\"attachment_7548\" aria-describedby=\"caption-attachment-7548\" style=\"width: 898px\" class=\"wp-caption alignleft\"><a href=\"http:\/\/teuthorn.net\/feuilleton\/wp-content\/uploads\/2018\/06\/Messenthin_2525_Bildgr\u00f6\u00dfe-\u00e4ndern.jpg\"><img decoding=\"async\" class=\"size-full wp-image-7548\" src=\"http:\/\/teuthorn.net\/feuilleton\/wp-content\/uploads\/2018\/06\/Messenthin_2525_Bildgr\u00f6\u00dfe-\u00e4ndern.jpg\" alt=\"\" width=\"898\" height=\"600\" srcset=\"https:\/\/teuthorn.net\/feuilleton\/wp-content\/uploads\/2018\/06\/Messenthin_2525_Bildgr\u00f6\u00dfe-\u00e4ndern.jpg 898w, https:\/\/teuthorn.net\/feuilleton\/wp-content\/uploads\/2018\/06\/Messenthin_2525_Bildgr\u00f6\u00dfe-\u00e4ndern-300x200.jpg 300w, https:\/\/teuthorn.net\/feuilleton\/wp-content\/uploads\/2018\/06\/Messenthin_2525_Bildgr\u00f6\u00dfe-\u00e4ndern-768x513.jpg 768w, https:\/\/teuthorn.net\/feuilleton\/wp-content\/uploads\/2018\/06\/Messenthin_2525_Bildgr\u00f6\u00dfe-\u00e4ndern-225x150.jpg 225w\" sizes=\"(max-width: 898px) 100vw, 898px\" \/><\/a><figcaption id=\"caption-attachment-7548\" class=\"wp-caption-text\">Inschrift<\/figcaption><\/figure>\n<figure id=\"attachment_5197\" aria-describedby=\"caption-attachment-5197\" style=\"width: 640px\" class=\"wp-caption alignleft\"><img decoding=\"async\" class=\"size-large wp-image-5197\" title=\"lapidarium_breit_2560\" src=\"http:\/\/teuthorn.net\/feuilleton\/wp-content\/uploads\/2016\/04\/lapidarium_breit_2560-1024x305.jpg\" alt=\"\" width=\"640\" height=\"190\" \/><figcaption id=\"caption-attachment-5197\" class=\"wp-caption-text\">Lapidarium im Stadtpark P\u00f6litz<\/figcaption><\/figure>\n<p>&nbsp;<\/p>\n<p><a href=\"http:\/\/teuthorn.net\/feuilleton\/wp-content\/uploads\/2018\/06\/Messenthin_2551_Bildgr\u00f6\u00dfe-\u00e4ndern-1.jpg\"><img decoding=\"async\" class=\"alignleft size-full wp-image-7564\" src=\"http:\/\/teuthorn.net\/feuilleton\/wp-content\/uploads\/2018\/06\/Messenthin_2551_Bildgr\u00f6\u00dfe-\u00e4ndern-1.jpg\" alt=\"\" width=\"851\" height=\"600\" srcset=\"https:\/\/teuthorn.net\/feuilleton\/wp-content\/uploads\/2018\/06\/Messenthin_2551_Bildgr\u00f6\u00dfe-\u00e4ndern-1.jpg 851w, https:\/\/teuthorn.net\/feuilleton\/wp-content\/uploads\/2018\/06\/Messenthin_2551_Bildgr\u00f6\u00dfe-\u00e4ndern-1-300x212.jpg 300w, https:\/\/teuthorn.net\/feuilleton\/wp-content\/uploads\/2018\/06\/Messenthin_2551_Bildgr\u00f6\u00dfe-\u00e4ndern-1-768x541.jpg 768w, https:\/\/teuthorn.net\/feuilleton\/wp-content\/uploads\/2018\/06\/Messenthin_2551_Bildgr\u00f6\u00dfe-\u00e4ndern-1-213x150.jpg 213w\" sizes=\"(max-width: 851px) 100vw, 851px\" \/><\/a><\/p>\n<div id='gallery-2' class='gallery galleryid-5182 gallery-columns-2 gallery-size-medium'><figure class='gallery-item'>\n\t\t\t<div class='gallery-icon landscape'>\n\t\t\t\t<a href='https:\/\/teuthorn.net\/feuilleton\/?attachment_id=7565'><img decoding=\"async\" width=\"300\" height=\"200\" src=\"https:\/\/teuthorn.net\/feuilleton\/wp-content\/uploads\/2018\/06\/police_lapidarium_teil_2555_Bildgr\u00f6\u00dfe-\u00e4ndern-1-300x200.jpg\" class=\"attachment-medium size-medium\" alt=\"\" srcset=\"https:\/\/teuthorn.net\/feuilleton\/wp-content\/uploads\/2018\/06\/police_lapidarium_teil_2555_Bildgr\u00f6\u00dfe-\u00e4ndern-1-300x200.jpg 300w, https:\/\/teuthorn.net\/feuilleton\/wp-content\/uploads\/2018\/06\/police_lapidarium_teil_2555_Bildgr\u00f6\u00dfe-\u00e4ndern-1-768x513.jpg 768w, https:\/\/teuthorn.net\/feuilleton\/wp-content\/uploads\/2018\/06\/police_lapidarium_teil_2555_Bildgr\u00f6\u00dfe-\u00e4ndern-1-225x150.jpg 225w, https:\/\/teuthorn.net\/feuilleton\/wp-content\/uploads\/2018\/06\/police_lapidarium_teil_2555_Bildgr\u00f6\u00dfe-\u00e4ndern-1.jpg 899w\" sizes=\"(max-width: 300px) 100vw, 300px\" \/><\/a>\n\t\t\t<\/div><\/figure><figure class='gallery-item'>\n\t\t\t<div class='gallery-icon portrait'>\n\t\t\t\t<a href='https:\/\/teuthorn.net\/feuilleton\/?attachment_id=7563'><img decoding=\"async\" width=\"257\" height=\"300\" src=\"https:\/\/teuthorn.net\/feuilleton\/wp-content\/uploads\/2018\/06\/grabstein_Bachmann-Corvinus2552-257x300.jpg\" class=\"attachment-medium size-medium\" alt=\"\" srcset=\"https:\/\/teuthorn.net\/feuilleton\/wp-content\/uploads\/2018\/06\/grabstein_Bachmann-Corvinus2552-257x300.jpg 257w, https:\/\/teuthorn.net\/feuilleton\/wp-content\/uploads\/2018\/06\/grabstein_Bachmann-Corvinus2552-768x897.jpg 768w, https:\/\/teuthorn.net\/feuilleton\/wp-content\/uploads\/2018\/06\/grabstein_Bachmann-Corvinus2552-877x1024.jpg 877w, https:\/\/teuthorn.net\/feuilleton\/wp-content\/uploads\/2018\/06\/grabstein_Bachmann-Corvinus2552-128x150.jpg 128w\" sizes=\"(max-width: 257px) 100vw, 257px\" \/><\/a>\n\t\t\t<\/div><\/figure>\n\t\t<\/div>\n\n<p><a href=\"http:\/\/teuthorn.net\/feuilleton\/?page_id=5173\">Zur\u00fcck <\/a><\/p>\n","protected":false},"excerpt":{"rendered":"<p>&nbsp; Zur\u00fcck<\/p>\n","protected":false},"author":1,"featured_media":0,"parent":5173,"menu_order":4,"comment_status":"closed","ping_status":"closed","template":"","meta":{"_crdt_document":"","footnotes":""},"class_list":["post-5182","page","type-page","status-publish","hentry"],"_links":{"self":[{"href":"https:\/\/teuthorn.net\/feuilleton\/index.php?rest_route=\/wp\/v2\/pages\/5182","targetHints":{"allow":["GET"]}}],"collection":[{"href":"https:\/\/teuthorn.net\/feuilleton\/index.php?rest_route=\/wp\/v2\/pages"}],"about":[{"href":"https:\/\/teuthorn.net\/feuilleton\/index.php?rest_route=\/wp\/v2\/types\/page"}],"author":[{"embeddable":true,"href":"https:\/\/teuthorn.net\/feuilleton\/index.php?rest_route=\/wp\/v2\/users\/1"}],"replies":[{"embeddable":true,"href":"https:\/\/teuthorn.net\/feuilleton\/index.php?rest_route=%2Fwp%2Fv2%2Fcomments&post=5182"}],"version-history":[{"count":7,"href":"https:\/\/teuthorn.net\/feuilleton\/index.php?rest_route=\/wp\/v2\/pages\/5182\/revisions"}],"predecessor-version":[{"id":7571,"href":"https:\/\/teuthorn.net\/feuilleton\/index.php?rest_route=\/wp\/v2\/pages\/5182\/revisions\/7571"}],"up":[{"embeddable":true,"href":"https:\/\/teuthorn.net\/feuilleton\/index.php?rest_route=\/wp\/v2\/pages\/5173"}],"wp:attachment":[{"href":"https:\/\/teuthorn.net\/feuilleton\/index.php?rest_route=%2Fwp%2Fv2%2Fmedia&parent=5182"}],"curies":[{"name":"wp","href":"https:\/\/api.w.org\/{rel}","templated":true}]}}