{"id":7619,"date":"2018-06-11T14:55:24","date_gmt":"2018-06-11T14:55:24","guid":{"rendered":"http:\/\/teuthorn.net\/feuilleton\/?page_id=7619"},"modified":"2018-07-08T04:19:03","modified_gmt":"2018-07-08T04:19:03","slug":"erinnerungen-an-grossmutter-erica-1885-1970","status":"publish","type":"page","link":"https:\/\/teuthorn.net\/feuilleton\/?page_id=7619","title":{"rendered":"Erinnerungen an Gro\u00dfmutter Erica 1885 &#8211; 1970"},"content":{"rendered":"<h4>Klappentext<\/h4>\n<p><span style=\"color: #4c4c4c;\"><a href=\"https:\/\/www.epubli.de\/shop\/buch\/Erinnerungen-an-Gro%C3%9Fmutter-Erica-Peter-Teuthorn-9783746737447\/76108\"><img decoding=\"async\" class=\"alignleft wp-image-7519\" src=\"http:\/\/teuthorn.net\/feuilleton\/wp-content\/uploads\/2018\/06\/cover-erica_b-747x1024.jpg\" alt=\"\" width=\"173\" height=\"237\" \/><\/a>P. T. stellt das Leben seiner Gro\u00dfmutter und M\u00fcritz, den Ort seiner Kindersommer, in den Mittelpunkt dieser Familiengeschichte. Die Reise durch die Erinnerungen beginnt dort mit den Ereignissen um den 8. Mai 1945 und geht zur\u00fcck in die vorpommersche Heimat der Bachmann-Geschwister mit dem elterlichen Haus in Messenthin. Rostock und Poberow markieren die Spannweite der Lebensorte an der Ostseek\u00fcste. Die Nachkriegszw\u00e4nge f\u00fchren von der Oder an Elbe und Rhein. Wie immer, ist Familiengeschichte auch hier Wanderung. Diesmal von Osten nach Westen.<\/span><\/p>\n<h4>Vorschau &#8230;<\/h4>\n<p>&#8230; mit Inhaltsverzeichnis nur bei <a href=\"https:\/\/www.epubli.de\/shop\/buch\/Erinnerungen-an-Gro%C3%9Fmutter-Erica-Peter-Teuthorn-9783746737447\/76108\" target=\"_blank\" rel=\"noopener\">epubli<\/a><\/p>\n<p>&nbsp;<\/p>\n<hr \/>\n<p style=\"text-align: center;\"><strong>Im Buchhandel erh\u00e4ltlich<\/strong> \/ <a href=\"https:\/\/www.epubli.de\/shop\/buch\/Erinnerungen-an-Gro%C3%9Fmutter-Erica-Peter-Teuthorn-9783746737447\/76108\" target=\"_blank\" rel=\"noopener\">ISBN: 978-3-746737-44-7<\/a><\/p>\n<hr \/>\n<h4>Aus dem Vorwort<\/h4>\n<p style=\"padding-left: 30px;\"><em><span style=\"font-size: 14px;\">M\u00fcritz, ist Kriegsende, Ankunft der Russen, Zerst\u00f6rung materieller Werte, Flucht durch den Wald von Neuhaus nach M\u00fcritz, wir Kinder an den H\u00e4n\u00adden der Mutter, das j\u00fcngste auf ihren Schultern. Angst. Nicht Verstehen. Klar ist nur eins: M\u00fcritz ist der Zusammen\u00adbruch!<\/span><\/em><\/p>\n<p style=\"padding-left: 30px;\"><em><span style=\"font-size: 14px;\">M\u00fcritz ist das Raunen am Kamin des Heidj\u00e4gerhofs \u00fcber eine m\u00f6gliche Ab\u00adstammung der Corvinus-Ahnen vom mittelalterlichen Ungarnk\u00f6nig Matthias Corvinus. Ein Mythos der Familiengeschich\u00adte, inzwischen entr\u00e4tselt.<\/span><\/em><\/p>\n<p style=\"padding-left: 30px;\"><em><span style=\"font-size: 14px;\">M\u00fcritz ist der letzte unbeschwerte Ostseesommer meiner Kind\u00adheit. Er ist die Vorbereitung auf die Flucht aus den Zw\u00e4ngen einer Weltverbesserungsideolo\u00adgie namens DDR. Das begriff ich erst sp\u00e4ter.<\/span><\/em><\/p>\n<p style=\"padding-left: 30px;\"><em><span style=\"font-size: 14px;\">M\u00fcritz und seine Nachbarschaft Neuhaus, Ahrenshoop, Ribnitz ist aber auch eine Zwischenstation in der Familiengeschichte der Bachmanns und Teuthorns, auf dem Weg vom Osten in den Westen. Seit Christian Bachmann und Anna Corvinus sich 1885 f\u00fcr Stettin entschieden, war Pommern f\u00fcr die Familie 60 Jah\u00adre lang Heimat. Erst das Befassen mit der Vergangenheit machte das ganz deut\u00adlich.<\/span><\/em><\/p>\n<p style=\"padding-left: 30px;\"><em><span style=\"font-size: 14px;\">So ist der Blick zur\u00fcck nicht m\u00fc\u00dfig, denn in dem Vergangenen finden wir einen wesentlichen Teil un\u00adserer Identit\u00e4t. <\/span><\/em><\/p>\n<h4>Chronologie<\/h4>\n<p>Dieses Buch habe ich bereits 2012 ohne ISBN privat drucken lassen und an meine Familie verschenkt. Der kleinen Auflage von zun\u00e4cht 30 St\u00fcck folgten mehrere Nachdrucke \u00fcber den Online-Verlag epubli. Davon gingen auch Exemplare an Genealogie-Vereine, u.a. <em>Arbeitsgemeinschaft f\u00fcr Mitteldeutsche Familienforschung<\/em> und <em>Pommerscher Greif<\/em>.<\/p>\n<p>Eine fehlerbereinigte leicht verbesserte Version wurde am 25.6.2018 ver\u00f6ffentlicht. ISBN: 978-3-746737-44-7<\/p>\n<p><strong>\u00dcber diese URL werden bei Bedarf weitere Informationen um das Buch herum ver\u00f6ffentlicht.<\/strong><\/p>\n","protected":false},"excerpt":{"rendered":"<p>Klappentext P. T. stellt das Leben seiner Gro\u00dfmutter und M\u00fcritz, den Ort seiner Kindersommer, in den Mittelpunkt dieser Familiengeschichte. Die Reise durch die Erinnerungen beginnt dort mit den Ereignissen um <a class=\"more-link\" href=\"https:\/\/teuthorn.net\/feuilleton\/?page_id=7619\">Lesen Sie weiter &#8230;<\/a><\/p>\n","protected":false},"author":1,"featured_media":0,"parent":3286,"menu_order":0,"comment_status":"closed","ping_status":"closed","template":"","meta":{"_crdt_document":"","footnotes":""},"class_list":["post-7619","page","type-page","status-publish","hentry"],"_links":{"self":[{"href":"https:\/\/teuthorn.net\/feuilleton\/index.php?rest_route=\/wp\/v2\/pages\/7619","targetHints":{"allow":["GET"]}}],"collection":[{"href":"https:\/\/teuthorn.net\/feuilleton\/index.php?rest_route=\/wp\/v2\/pages"}],"about":[{"href":"https:\/\/teuthorn.net\/feuilleton\/index.php?rest_route=\/wp\/v2\/types\/page"}],"author":[{"embeddable":true,"href":"https:\/\/teuthorn.net\/feuilleton\/index.php?rest_route=\/wp\/v2\/users\/1"}],"replies":[{"embeddable":true,"href":"https:\/\/teuthorn.net\/feuilleton\/index.php?rest_route=%2Fwp%2Fv2%2Fcomments&post=7619"}],"version-history":[{"count":17,"href":"https:\/\/teuthorn.net\/feuilleton\/index.php?rest_route=\/wp\/v2\/pages\/7619\/revisions"}],"predecessor-version":[{"id":7764,"href":"https:\/\/teuthorn.net\/feuilleton\/index.php?rest_route=\/wp\/v2\/pages\/7619\/revisions\/7764"}],"up":[{"embeddable":true,"href":"https:\/\/teuthorn.net\/feuilleton\/index.php?rest_route=\/wp\/v2\/pages\/3286"}],"wp:attachment":[{"href":"https:\/\/teuthorn.net\/feuilleton\/index.php?rest_route=%2Fwp%2Fv2%2Fmedia&parent=7619"}],"curies":[{"name":"wp","href":"https:\/\/api.w.org\/{rel}","templated":true}]}}